{"version":"1.0","provider_name":"Principios","provider_url":"https:\/\/diarioprincipios.com","title":"El Museo Hist\u00f3rico Municipal festej\u00f3 sus 32 a\u00f1os - Principios","type":"rich","width":600,"height":338,"html":"<blockquote class=\"wp-embedded-content\" data-secret=\"kgNAE9e0b0\"><a href=\"https:\/\/diarioprincipios.com\/index.php\/2025\/06\/30\/el-museo-historico-municipal-festejo-sus-32-anos\/\">El Museo Hist\u00f3rico Municipal festej\u00f3 sus 32 a\u00f1os<\/a><\/blockquote><iframe sandbox=\"allow-scripts\" security=\"restricted\" src=\"https:\/\/diarioprincipios.com\/index.php\/2025\/06\/30\/el-museo-historico-municipal-festejo-sus-32-anos\/embed\/#?secret=kgNAE9e0b0\" width=\"600\" height=\"338\" title=\"\u00abEl Museo Hist\u00f3rico Municipal festej\u00f3 sus 32 a\u00f1os\u00bb \u2014 Principios\" data-secret=\"kgNAE9e0b0\" frameborder=\"0\" marginwidth=\"0\" marginheight=\"0\" scrolling=\"no\" class=\"wp-embedded-content\"><\/iframe><script>\n\/*! This file is auto-generated *\/\n!function(d,l){\"use strict\";l.querySelector&&d.addEventListener&&\"undefined\"!=typeof URL&&(d.wp=d.wp||{},d.wp.receiveEmbedMessage||(d.wp.receiveEmbedMessage=function(e){var t=e.data;if((t||t.secret||t.message||t.value)&&!\/[^a-zA-Z0-9]\/.test(t.secret)){for(var s,r,n,a=l.querySelectorAll('iframe[data-secret=\"'+t.secret+'\"]'),o=l.querySelectorAll('blockquote[data-secret=\"'+t.secret+'\"]'),c=new RegExp(\"^https?:$\",\"i\"),i=0;i<o.length;i++)o[i].style.display=\"none\";for(i=0;i<a.length;i++)s=a[i],e.source===s.contentWindow&&(s.removeAttribute(\"style\"),\"height\"===t.message?(1e3<(r=parseInt(t.value,10))?r=1e3:~~r<200&&(r=200),s.height=r):\"link\"===t.message&&(r=new URL(s.getAttribute(\"src\")),n=new URL(t.value),c.test(n.protocol))&&n.host===r.host&&l.activeElement===s&&(d.top.location.href=t.value))}},d.addEventListener(\"message\",d.wp.receiveEmbedMessage,!1),l.addEventListener(\"DOMContentLoaded\",function(){for(var e,t,s=l.querySelectorAll(\"iframe.wp-embedded-content\"),r=0;r<s.length;r++)(t=(e=s[r]).getAttribute(\"data-secret\"))||(t=Math.random().toString(36).substring(2,12),e.src+=\"#?secret=\"+t,e.setAttribute(\"data-secret\",t)),e.contentWindow.postMessage({message:\"ready\",secret:t},\"*\")},!1)))}(window,document);\n\/\/# sourceURL=https:\/\/diarioprincipios.com\/wp-includes\/js\/wp-embed.min.js\n<\/script>\n","thumbnail_url":"https:\/\/diarioprincipios.com\/wp-content\/uploads\/2025\/06\/EL-MUSEO-HISTORICO-MUNICIPAL-FESTEJO-SUS-32-ANOS-2.jpg","thumbnail_width":1920,"thumbnail_height":1280,"description":"Se celebraron los 32 a\u00f1os del Museo Municipal Hist\u00f3rico de Berazategui, con un gran encuentro comunitario que incluy\u00f3 distintas actividades gratuitas en el Complejo Cultural San Francisco.Sobre este nuevo aniversario, el secretario de Cultura y Educaci\u00f3n, Federico L\u00f3pez, afirm\u00f3: \u201cEl Museo ha crecido mucho, lo impuls\u00f3 el intendente Juan Jos\u00e9 Mussi y hoy lo sigue..."}