{"version":"1.0","provider_name":"Principios","provider_url":"https:\/\/diarioprincipios.com","title":"La Feria Municipal Emprender cumpli\u00f3 9 a\u00f1os - Principios","type":"rich","width":600,"height":338,"html":"<blockquote class=\"wp-embedded-content\" data-secret=\"YlRDaj2f2w\"><a href=\"https:\/\/diarioprincipios.com\/index.php\/2024\/11\/21\/la-feria-municipal-emprender-cumplio-9-anos\/\">La Feria Municipal Emprender cumpli\u00f3 9 a\u00f1os<\/a><\/blockquote><iframe sandbox=\"allow-scripts\" security=\"restricted\" src=\"https:\/\/diarioprincipios.com\/index.php\/2024\/11\/21\/la-feria-municipal-emprender-cumplio-9-anos\/embed\/#?secret=YlRDaj2f2w\" width=\"600\" height=\"338\" title=\"\u00abLa Feria Municipal Emprender cumpli\u00f3 9 a\u00f1os\u00bb \u2014 Principios\" data-secret=\"YlRDaj2f2w\" frameborder=\"0\" marginwidth=\"0\" marginheight=\"0\" scrolling=\"no\" class=\"wp-embedded-content\"><\/iframe><script>\n\/*! This file is auto-generated *\/\n!function(d,l){\"use strict\";l.querySelector&&d.addEventListener&&\"undefined\"!=typeof URL&&(d.wp=d.wp||{},d.wp.receiveEmbedMessage||(d.wp.receiveEmbedMessage=function(e){var t=e.data;if((t||t.secret||t.message||t.value)&&!\/[^a-zA-Z0-9]\/.test(t.secret)){for(var s,r,n,a=l.querySelectorAll('iframe[data-secret=\"'+t.secret+'\"]'),o=l.querySelectorAll('blockquote[data-secret=\"'+t.secret+'\"]'),c=new RegExp(\"^https?:$\",\"i\"),i=0;i<o.length;i++)o[i].style.display=\"none\";for(i=0;i<a.length;i++)s=a[i],e.source===s.contentWindow&&(s.removeAttribute(\"style\"),\"height\"===t.message?(1e3<(r=parseInt(t.value,10))?r=1e3:~~r<200&&(r=200),s.height=r):\"link\"===t.message&&(r=new URL(s.getAttribute(\"src\")),n=new URL(t.value),c.test(n.protocol))&&n.host===r.host&&l.activeElement===s&&(d.top.location.href=t.value))}},d.addEventListener(\"message\",d.wp.receiveEmbedMessage,!1),l.addEventListener(\"DOMContentLoaded\",function(){for(var e,t,s=l.querySelectorAll(\"iframe.wp-embedded-content\"),r=0;r<s.length;r++)(t=(e=s[r]).getAttribute(\"data-secret\"))||(t=Math.random().toString(36).substring(2,12),e.src+=\"#?secret=\"+t,e.setAttribute(\"data-secret\",t)),e.contentWindow.postMessage({message:\"ready\",secret:t},\"*\")},!1)))}(window,document);\n\/\/# sourceURL=https:\/\/diarioprincipios.com\/wp-includes\/js\/wp-embed.min.js\n<\/script>\n","thumbnail_url":"https:\/\/diarioprincipios.com\/wp-content\/uploads\/2024\/11\/LA-FERIA-MUNICIPAL-EMPRENDER-CUMPLIO-9-ANOS-1.jpg","thumbnail_width":1920,"thumbnail_height":1280,"description":"El s\u00e1bado 16 de noviembre se festejaron los nueve a\u00f1os de la Feria Municipal Emprender con una edici\u00f3n en la Plaza Rigolleau. El intendente de Berazategui, Juan Jos\u00e9 Mussi, encabez\u00f3 la celebraci\u00f3n y felicit\u00f3 a las y los emprendedores por el trabajo que realizan. \u201cQu\u00e9 lindo ver que en este lugar se reivindique el trabajo..."}