{"version":"1.0","provider_name":"Principios","provider_url":"https:\/\/diarioprincipios.com","title":"Embellecieron la Escuela Primaria N\u00b0 18 - Principios","type":"rich","width":600,"height":338,"html":"<blockquote class=\"wp-embedded-content\" data-secret=\"ceewTL0z5s\"><a href=\"https:\/\/diarioprincipios.com\/index.php\/2024\/08\/13\/embellecieron-la-escuela-primaria-n-18\/\">Embellecieron la Escuela Primaria N\u00b0 18<\/a><\/blockquote><iframe sandbox=\"allow-scripts\" security=\"restricted\" src=\"https:\/\/diarioprincipios.com\/index.php\/2024\/08\/13\/embellecieron-la-escuela-primaria-n-18\/embed\/#?secret=ceewTL0z5s\" width=\"600\" height=\"338\" title=\"\u00abEmbellecieron la Escuela Primaria N\u00b0 18\u00bb \u2014 Principios\" data-secret=\"ceewTL0z5s\" frameborder=\"0\" marginwidth=\"0\" marginheight=\"0\" scrolling=\"no\" class=\"wp-embedded-content\"><\/iframe><script>\n\/*! This file is auto-generated *\/\n!function(d,l){\"use strict\";l.querySelector&&d.addEventListener&&\"undefined\"!=typeof URL&&(d.wp=d.wp||{},d.wp.receiveEmbedMessage||(d.wp.receiveEmbedMessage=function(e){var t=e.data;if((t||t.secret||t.message||t.value)&&!\/[^a-zA-Z0-9]\/.test(t.secret)){for(var s,r,n,a=l.querySelectorAll('iframe[data-secret=\"'+t.secret+'\"]'),o=l.querySelectorAll('blockquote[data-secret=\"'+t.secret+'\"]'),c=new RegExp(\"^https?:$\",\"i\"),i=0;i<o.length;i++)o[i].style.display=\"none\";for(i=0;i<a.length;i++)s=a[i],e.source===s.contentWindow&&(s.removeAttribute(\"style\"),\"height\"===t.message?(1e3<(r=parseInt(t.value,10))?r=1e3:~~r<200&&(r=200),s.height=r):\"link\"===t.message&&(r=new URL(s.getAttribute(\"src\")),n=new URL(t.value),c.test(n.protocol))&&n.host===r.host&&l.activeElement===s&&(d.top.location.href=t.value))}},d.addEventListener(\"message\",d.wp.receiveEmbedMessage,!1),l.addEventListener(\"DOMContentLoaded\",function(){for(var e,t,s=l.querySelectorAll(\"iframe.wp-embedded-content\"),r=0;r<s.length;r++)(t=(e=s[r]).getAttribute(\"data-secret\"))||(t=Math.random().toString(36).substring(2,12),e.src+=\"#?secret=\"+t,e.setAttribute(\"data-secret\",t)),e.contentWindow.postMessage({message:\"ready\",secret:t},\"*\")},!1)))}(window,document);\n\/\/# sourceURL=https:\/\/diarioprincipios.com\/wp-includes\/js\/wp-embed.min.js\n<\/script>\n","thumbnail_url":"https:\/\/diarioprincipios.com\/wp-content\/uploads\/2024\/08\/EMBELLECIERON-LA-ESCUELA-PRIMARIA-N\u00b0-18-3-1.jpg","thumbnail_width":1920,"thumbnail_height":1280,"description":"El s\u00e1bado 10 de agosto se llev\u00f3 a cabo una jornada de trabajo en la Escuela Primaria N\u00b0 18, ubicada en el barrio San Juan, donde la comunidad educativa realiz\u00f3 distintas tareas de mantenimiento. El intendente de Berazategui, Juan Jos\u00e9 Mussi, particip\u00f3 de la actividad. Durante su visita, Mussi recorri\u00f3 la instituci\u00f3n junto a las..."}