{"version":"1.0","provider_name":"Principios","provider_url":"https:\/\/diarioprincipios.com","title":"Cristina Kirchner hablar\u00e1 en Quilmes el s\u00e1bado - Principios","type":"rich","width":600,"height":338,"html":"<blockquote class=\"wp-embedded-content\" data-secret=\"7EpaimeCpu\"><a href=\"https:\/\/diarioprincipios.com\/index.php\/2024\/04\/24\/cristina-kirchner-hablara-en-quilmes-el-sabado\/\">Cristina Kirchner hablar\u00e1 en Quilmes el s\u00e1bado<\/a><\/blockquote><iframe sandbox=\"allow-scripts\" security=\"restricted\" src=\"https:\/\/diarioprincipios.com\/index.php\/2024\/04\/24\/cristina-kirchner-hablara-en-quilmes-el-sabado\/embed\/#?secret=7EpaimeCpu\" width=\"600\" height=\"338\" title=\"\u00abCristina Kirchner hablar\u00e1 en Quilmes el s\u00e1bado\u00bb \u2014 Principios\" data-secret=\"7EpaimeCpu\" frameborder=\"0\" marginwidth=\"0\" marginheight=\"0\" scrolling=\"no\" class=\"wp-embedded-content\"><\/iframe><script>\n\/*! This file is auto-generated *\/\n!function(d,l){\"use strict\";l.querySelector&&d.addEventListener&&\"undefined\"!=typeof URL&&(d.wp=d.wp||{},d.wp.receiveEmbedMessage||(d.wp.receiveEmbedMessage=function(e){var t=e.data;if((t||t.secret||t.message||t.value)&&!\/[^a-zA-Z0-9]\/.test(t.secret)){for(var s,r,n,a=l.querySelectorAll('iframe[data-secret=\"'+t.secret+'\"]'),o=l.querySelectorAll('blockquote[data-secret=\"'+t.secret+'\"]'),c=new RegExp(\"^https?:$\",\"i\"),i=0;i<o.length;i++)o[i].style.display=\"none\";for(i=0;i<a.length;i++)s=a[i],e.source===s.contentWindow&&(s.removeAttribute(\"style\"),\"height\"===t.message?(1e3<(r=parseInt(t.value,10))?r=1e3:~~r<200&&(r=200),s.height=r):\"link\"===t.message&&(r=new URL(s.getAttribute(\"src\")),n=new URL(t.value),c.test(n.protocol))&&n.host===r.host&&l.activeElement===s&&(d.top.location.href=t.value))}},d.addEventListener(\"message\",d.wp.receiveEmbedMessage,!1),l.addEventListener(\"DOMContentLoaded\",function(){for(var e,t,s=l.querySelectorAll(\"iframe.wp-embedded-content\"),r=0;r<s.length;r++)(t=(e=s[r]).getAttribute(\"data-secret\"))||(t=Math.random().toString(36).substring(2,12),e.src+=\"#?secret=\"+t,e.setAttribute(\"data-secret\",t)),e.contentWindow.postMessage({message:\"ready\",secret:t},\"*\")},!1)))}(window,document);\n\/\/# sourceURL=https:\/\/diarioprincipios.com\/wp-includes\/js\/wp-embed.min.js\n<\/script>\n","thumbnail_url":"https:\/\/diarioprincipios.com\/wp-content\/uploads\/2024\/04\/cristina-kirchner-cfk-8493-728x728-1.webp","thumbnail_width":728,"thumbnail_height":728,"description":"El pr\u00f3ximo s\u00e1bado 27 de abril a las 16 horas Cristina Fern\u00e1ndez de Kirchner y la intendenta Mayra Mendoza inaugurar\u00e1n el Microestadio Presidente N\u00e9stor Kirchner en la ciudad de Quilmes. La expresidenta\u00a0Cristina Fern\u00e1ndez de Kirchner\u00a0participar\u00e1 este s\u00e1bado de la inauguraci\u00f3n del microestadio Presidente N\u00e9stor Kirchner, en Quilmes, para\u00a0reflexionar sobre el \u201cexperimento del anarco-capitalismo y el..."}