{"version":"1.0","provider_name":"Principios","provider_url":"https:\/\/diarioprincipios.com","title":"Avellaneda tendr\u00e1 la primera Casa de la M\u00fasica\u00a0\u00a0\u00a0 - Principios","type":"rich","width":600,"height":338,"html":"<blockquote class=\"wp-embedded-content\" data-secret=\"d3SS2XMMl5\"><a href=\"https:\/\/diarioprincipios.com\/index.php\/2023\/10\/06\/avellaneda-tendra-la-primera-casa-de-la-musica\/\">Avellaneda tendr\u00e1 la primera Casa de la M\u00fasica\u00a0\u00a0\u00a0<\/a><\/blockquote><iframe sandbox=\"allow-scripts\" security=\"restricted\" src=\"https:\/\/diarioprincipios.com\/index.php\/2023\/10\/06\/avellaneda-tendra-la-primera-casa-de-la-musica\/embed\/#?secret=d3SS2XMMl5\" width=\"600\" height=\"338\" title=\"\u00abAvellaneda tendr\u00e1 la primera Casa de la M\u00fasica\u00a0\u00a0\u00a0\u00bb \u2014 Principios\" data-secret=\"d3SS2XMMl5\" frameborder=\"0\" marginwidth=\"0\" marginheight=\"0\" scrolling=\"no\" class=\"wp-embedded-content\"><\/iframe><script>\n\/*! This file is auto-generated *\/\n!function(d,l){\"use strict\";l.querySelector&&d.addEventListener&&\"undefined\"!=typeof URL&&(d.wp=d.wp||{},d.wp.receiveEmbedMessage||(d.wp.receiveEmbedMessage=function(e){var t=e.data;if((t||t.secret||t.message||t.value)&&!\/[^a-zA-Z0-9]\/.test(t.secret)){for(var s,r,n,a=l.querySelectorAll('iframe[data-secret=\"'+t.secret+'\"]'),o=l.querySelectorAll('blockquote[data-secret=\"'+t.secret+'\"]'),c=new RegExp(\"^https?:$\",\"i\"),i=0;i<o.length;i++)o[i].style.display=\"none\";for(i=0;i<a.length;i++)s=a[i],e.source===s.contentWindow&&(s.removeAttribute(\"style\"),\"height\"===t.message?(1e3<(r=parseInt(t.value,10))?r=1e3:~~r<200&&(r=200),s.height=r):\"link\"===t.message&&(r=new URL(s.getAttribute(\"src\")),n=new URL(t.value),c.test(n.protocol))&&n.host===r.host&&l.activeElement===s&&(d.top.location.href=t.value))}},d.addEventListener(\"message\",d.wp.receiveEmbedMessage,!1),l.addEventListener(\"DOMContentLoaded\",function(){for(var e,t,s=l.querySelectorAll(\"iframe.wp-embedded-content\"),r=0;r<s.length;r++)(t=(e=s[r]).getAttribute(\"data-secret\"))||(t=Math.random().toString(36).substring(2,12),e.src+=\"#?secret=\"+t,e.setAttribute(\"data-secret\",t)),e.contentWindow.postMessage({message:\"ready\",secret:t},\"*\")},!1)))}(window,document);\n\/\/# sourceURL=https:\/\/diarioprincipios.com\/wp-includes\/js\/wp-embed.min.js\n<\/script>\n","thumbnail_url":"https:\/\/diarioprincipios.com\/wp-content\/uploads\/2023\/10\/380817856_865378361614900_1698880443298837377_n.jpg","thumbnail_width":1280,"thumbnail_height":851,"description":"A trav\u00e9s de un acuerdo entre la Fundaci\u00f3n Casa de la M\u00fasica y el Municipio, se construir\u00e1 un hogar para artistas mayores en situaci\u00f3n de vulnerabilidad.\u00a0 El intendente de Avellaneda, Jorge Ferraresi y la jefa de Gabinete, Magdalena Sierra, recibieron recientemente a los artistas integrantes de la comisi\u00f3n honoraria de la Fundaci\u00f3n Casa de la..."}