{"version":"1.0","provider_name":"Principios","provider_url":"https:\/\/diarioprincipios.com","title":"Kicillof y Mussi inauguraron una Alcaid\u00eda - Principios","type":"rich","width":600,"height":338,"html":"<blockquote class=\"wp-embedded-content\" data-secret=\"Ry7pQIhYkW\"><a href=\"https:\/\/diarioprincipios.com\/index.php\/2023\/03\/02\/kicillof-y-mussi-inauguraron-una-alcaidia\/\">Kicillof y Mussi inauguraron una Alcaid\u00eda<\/a><\/blockquote><iframe sandbox=\"allow-scripts\" security=\"restricted\" src=\"https:\/\/diarioprincipios.com\/index.php\/2023\/03\/02\/kicillof-y-mussi-inauguraron-una-alcaidia\/embed\/#?secret=Ry7pQIhYkW\" width=\"600\" height=\"338\" title=\"\u00abKicillof y Mussi inauguraron una Alcaid\u00eda\u00bb \u2014 Principios\" data-secret=\"Ry7pQIhYkW\" frameborder=\"0\" marginwidth=\"0\" marginheight=\"0\" scrolling=\"no\" class=\"wp-embedded-content\"><\/iframe><script>\n\/*! This file is auto-generated *\/\n!function(d,l){\"use strict\";l.querySelector&&d.addEventListener&&\"undefined\"!=typeof URL&&(d.wp=d.wp||{},d.wp.receiveEmbedMessage||(d.wp.receiveEmbedMessage=function(e){var t=e.data;if((t||t.secret||t.message||t.value)&&!\/[^a-zA-Z0-9]\/.test(t.secret)){for(var s,r,n,a=l.querySelectorAll('iframe[data-secret=\"'+t.secret+'\"]'),o=l.querySelectorAll('blockquote[data-secret=\"'+t.secret+'\"]'),c=new RegExp(\"^https?:$\",\"i\"),i=0;i<o.length;i++)o[i].style.display=\"none\";for(i=0;i<a.length;i++)s=a[i],e.source===s.contentWindow&&(s.removeAttribute(\"style\"),\"height\"===t.message?(1e3<(r=parseInt(t.value,10))?r=1e3:~~r<200&&(r=200),s.height=r):\"link\"===t.message&&(r=new URL(s.getAttribute(\"src\")),n=new URL(t.value),c.test(n.protocol))&&n.host===r.host&&l.activeElement===s&&(d.top.location.href=t.value))}},d.addEventListener(\"message\",d.wp.receiveEmbedMessage,!1),l.addEventListener(\"DOMContentLoaded\",function(){for(var e,t,s=l.querySelectorAll(\"iframe.wp-embedded-content\"),r=0;r<s.length;r++)(t=(e=s[r]).getAttribute(\"data-secret\"))||(t=Math.random().toString(36).substring(2,12),e.src+=\"#?secret=\"+t,e.setAttribute(\"data-secret\",t)),e.contentWindow.postMessage({message:\"ready\",secret:t},\"*\")},!1)))}(window,document);\n\/\/# sourceURL=https:\/\/diarioprincipios.com\/wp-includes\/js\/wp-embed.min.js\n<\/script>\n","thumbnail_url":"https:\/\/diarioprincipios.com\/wp-content\/uploads\/2023\/03\/BERAZATEGUI-KICILLOF-Y-MUSSI-INAUGURARON-UNA-ALCAIDIA-1.jpg","thumbnail_width":1920,"thumbnail_height":1280,"description":"El gobernador de la provincia de Buenos Aires, Axel Kicillof; junto al intendente de Berazategui, Juan Jos\u00e9 Mussi, inauguraron una Alcaid\u00eda en el distrito. Esta instituci\u00f3n fue creada con el fin de disminuir la poblaci\u00f3n de detenidos en las Comisar\u00edas (tanto de Berazategui Centro, como de Ranelagh, J. M. Guti\u00e9rrez, Hudson y El Pato), cediendo..."}